{"id":3501,"date":"2024-03-27T11:41:18","date_gmt":"2024-03-27T10:41:18","guid":{"rendered":"https:\/\/payra-monvillage.fr\/?page_id=3501"},"modified":"2024-03-27T11:41:18","modified_gmt":"2024-03-27T10:41:18","slug":"proverbes-dautrefois","status":"publish","type":"page","link":"https:\/\/payra-monvillage.fr\/index.php\/proverbes-dautrefois\/","title":{"rendered":"Proverbes d&rsquo;Autrefois"},"content":{"rendered":"\n<p><strong>Prov\u00e8rbis d\u2019autres c\u00f2ps<\/strong><\/p>\n\n\n\n<p><strong>Pertot las galinas gratan endarri\u00e8r<\/strong><\/p>\n\n\n\n<p><strong>Tot rainal que dormis la matinada a pas lo morr\u00e9 plumos<\/strong><\/p>\n\n\n\n<p><strong>Quand l\u2019Aric porta capel, preni garda pastorel<\/strong><\/p>\n\n\n\n<p><strong>Quand lo trauc de madama es escur, aven la plu\u00e8ja al segur<\/strong><\/p>\n\n\n\n<p><strong>Qui demora jos son cob\u00e8rt, se res no gagna res no perd<\/strong><\/p>\n\n\n\n<p><strong>Luna m\u00e9cruda e fenna mostachuda, cada cent ans ne caldra pas veire una<\/strong><\/p>\n\n\n\n<p><strong>Tota f\u00e9da que bela perd un mossec<\/strong><\/p>\n\n\n\n<p><strong>Arquet del matin, fa\u00efs lo leit e tornos y&nbsp;; arquet de la serada fa torna lo boi\u00e8r de la laurada.<\/strong><\/p>\n\n\n\n<p><strong>Quand Nadal s\u2019ensoleilha, Pasquas s\u2019estorreihla<\/strong><\/p>\n\n\n\n<p><strong>Per un pun Marti perd\u00e8t l\u2019ase<\/strong><\/p>\n\n\n\n<p><strong>Qui canta son mal espanta<\/strong><\/p>\n\n\n\n<p><strong>Fas y pla Bertran, t\u00e9 va rendra en cagan<\/strong><\/p>\n\n\n\n<p><strong>Per la santa matal\u00e9na la nouga es plena, lo rasin ba\u00efrat, l\u2019aousel a foro nisat<\/strong><\/p>\n\n\n\n<p><strong>Bal ma\u00ef un p\u00e9tit d\u00e9gourdit qu\u2019un gran estabouzit<\/strong><\/p>\n\n\n\n<p><strong>Una petita mousca fa p\u00e9ta un bel aze<\/strong><\/p>\n","protected":false},"excerpt":{"rendered":"<p>Prov\u00e8rbis d\u2019autres c\u00f2ps Pertot las galinas gratan endarri\u00e8r Tot rainal que dormis la matinada a pas lo morr\u00e9 plumos Quand l\u2019Aric porta capel, preni garda pastorel Quand lo trauc de madama es escur, aven la plu\u00e8ja al segur Qui demora jos son cob\u00e8rt, se res no gagna res no perd Luna m\u00e9cruda e fenna mostachuda, &hellip; <\/p>\n<p class=\"link-more\"><a href=\"https:\/\/payra-monvillage.fr\/index.php\/proverbes-dautrefois\/\" class=\"more-link\">Continuer la lecture<span class=\"screen-reader-text\"> de &laquo;&nbsp;Proverbes d&rsquo;Autrefois&nbsp;&raquo;<\/span><\/a><\/p>\n","protected":false},"author":1,"featured_media":0,"parent":0,"menu_order":0,"comment_status":"closed","ping_status":"closed","template":"","meta":{"footnotes":""},"class_list":["post-3501","page","type-page","status-publish","hentry"],"_links":{"self":[{"href":"https:\/\/payra-monvillage.fr\/index.php\/wp-json\/wp\/v2\/pages\/3501","targetHints":{"allow":["GET"]}}],"collection":[{"href":"https:\/\/payra-monvillage.fr\/index.php\/wp-json\/wp\/v2\/pages"}],"about":[{"href":"https:\/\/payra-monvillage.fr\/index.php\/wp-json\/wp\/v2\/types\/page"}],"author":[{"embeddable":true,"href":"https:\/\/payra-monvillage.fr\/index.php\/wp-json\/wp\/v2\/users\/1"}],"replies":[{"embeddable":true,"href":"https:\/\/payra-monvillage.fr\/index.php\/wp-json\/wp\/v2\/comments?post=3501"}],"version-history":[{"count":1,"href":"https:\/\/payra-monvillage.fr\/index.php\/wp-json\/wp\/v2\/pages\/3501\/revisions"}],"predecessor-version":[{"id":3502,"href":"https:\/\/payra-monvillage.fr\/index.php\/wp-json\/wp\/v2\/pages\/3501\/revisions\/3502"}],"wp:attachment":[{"href":"https:\/\/payra-monvillage.fr\/index.php\/wp-json\/wp\/v2\/media?parent=3501"}],"curies":[{"name":"wp","href":"https:\/\/api.w.org\/{rel}","templated":true}]}}