{"id":3458,"date":"2024-03-06T12:25:53","date_gmt":"2024-03-06T11:25:53","guid":{"rendered":"https:\/\/payra-monvillage.fr\/?page_id=3458"},"modified":"2024-05-29T12:08:54","modified_gmt":"2024-05-29T10:08:54","slug":"debroussaillage","status":"publish","type":"page","link":"https:\/\/payra-monvillage.fr\/index.php\/debroussaillage\/","title":{"rendered":"D\u00c9BROUSSAILLAGE"},"content":{"rendered":"\n<p><\/p>\n\n\n\n<p>Bonjour \u00e0 tous,<\/p>\n\n\n\n<p>Nous vous proposons une s\u00e9ance de d\u00e9broussaillage le&nbsp;<strong>vendredi 31 mai 2024.<\/strong><\/p>\n\n\n\n<ul class=\"wp-block-list\">\n<li><strong>rendez-vous \u00e0 14 h au panneau des randonn\u00e9es<\/strong><\/li>\n<\/ul>\n\n\n\n<p>objet&nbsp;:&nbsp; d\u00e9broussaillage vers la passerelle bleue et mont\u00e9e vers Picarel avec d\u00e9broussailleuses et s\u00e9cateurs<\/p>\n\n\n\n<p>Amiti\u00e9s,<\/p>\n\n\n\n<p>B\u00e9atrice pour les Chemins Retrouv\u00e9s<\/p>\n\n\n\n<p>\/<\/p>\n\n\n\n<p>Nous vous proposons de nous retrouver :&nbsp;<\/p>\n\n\n\n<p><strong>&nbsp;Jeudi 14 mars 2024 \u00e0 14 h<\/strong><em>&nbsp;au panneau des randonn\u00e9es<\/em><\/p>\n\n\n\n<p>pour aller ensuite :&nbsp;<\/p>\n\n\n\n<ul class=\"wp-block-list\">\n<li>boucher le trou sur le chemin entre Bordeneuve et Lestrade.&nbsp;<\/li>\n<\/ul>\n\n\n\n<p>A cet effet, il nous faudrait des gros cailloux.<\/p>\n\n\n\n<p>Merci de nous faire savoir si quelqu&rsquo;un en a.<\/p>\n\n\n\n<ul class=\"wp-block-list\">\n<li>d\u00e9broussailler le chemin entre Bordeneuve et Lestrade<\/li>\n<\/ul>\n\n\n\n<p>afin de pr\u00e9parer la rando\/pique-nique du lundi 1er avril (lundi de P\u00e2ques).<\/p>\n\n\n\n<p>Amiti\u00e9s,<\/p>\n\n\n\n<p>B\u00e9atrice pour LES CHEMINS RETROUVES<\/p>\n\n\n\n<p>Nous vous proposons de nous retrouver demain pour arranger les marches sur le circuit du Calcaire.<\/p>\n\n\n\n<p><strong>Rendez-vous Jeudi 7 mars 2024 \u00e0 14 h<\/strong><em>&nbsp;au panneau des randonn\u00e9es<\/em><\/p>\n\n\n\n<p>Amiti\u00e9s,<\/p>\n\n\n\n<p>B\u00e9atrice pour LES CHEMINS RETROUVES<\/p>\n\n\n\n<figure class=\"wp-block-gallery has-nested-images columns-default is-cropped wp-block-gallery-1 is-layout-flex wp-block-gallery-is-layout-flex\">\n<figure class=\"wp-block-image size-large\"><img loading=\"lazy\" decoding=\"async\" width=\"768\" height=\"1024\" data-id=\"3461\" src=\"https:\/\/payra-monvillage.fr\/wp-content\/uploads\/2024\/03\/6MARS1-768x1024.jpg\" alt=\"\" class=\"wp-image-3461\" srcset=\"https:\/\/payra-monvillage.fr\/wp-content\/uploads\/2024\/03\/6MARS1-768x1024.jpg 768w, https:\/\/payra-monvillage.fr\/wp-content\/uploads\/2024\/03\/6MARS1-225x300.jpg 225w, https:\/\/payra-monvillage.fr\/wp-content\/uploads\/2024\/03\/6MARS1-1152x1536.jpg 1152w, https:\/\/payra-monvillage.fr\/wp-content\/uploads\/2024\/03\/6MARS1.jpg 1200w\" sizes=\"auto, (max-width: 767px) 89vw, (max-width: 1000px) 54vw, (max-width: 1071px) 543px, 580px\" \/><\/figure>\n<\/figure>\n\n\n\n<figure class=\"wp-block-image size-large\"><img loading=\"lazy\" decoding=\"async\" width=\"768\" height=\"1024\" src=\"https:\/\/payra-monvillage.fr\/wp-content\/uploads\/2024\/03\/6MARS2-768x1024.jpg\" alt=\"\" class=\"wp-image-3463\" srcset=\"https:\/\/payra-monvillage.fr\/wp-content\/uploads\/2024\/03\/6MARS2-768x1024.jpg 768w, https:\/\/payra-monvillage.fr\/wp-content\/uploads\/2024\/03\/6MARS2-225x300.jpg 225w, https:\/\/payra-monvillage.fr\/wp-content\/uploads\/2024\/03\/6MARS2-1152x1536.jpg 1152w, https:\/\/payra-monvillage.fr\/wp-content\/uploads\/2024\/03\/6MARS2.jpg 1200w\" sizes=\"auto, (max-width: 767px) 89vw, (max-width: 1000px) 54vw, (max-width: 1071px) 543px, 580px\" \/><\/figure>\n\n\n\n<figure class=\"wp-block-image size-large\"><img loading=\"lazy\" decoding=\"async\" width=\"768\" height=\"1024\" src=\"https:\/\/payra-monvillage.fr\/wp-content\/uploads\/2024\/03\/6MARS2024-768x1024.jpg\" alt=\"\" class=\"wp-image-3464\" srcset=\"https:\/\/payra-monvillage.fr\/wp-content\/uploads\/2024\/03\/6MARS2024-768x1024.jpg 768w, https:\/\/payra-monvillage.fr\/wp-content\/uploads\/2024\/03\/6MARS2024-225x300.jpg 225w, https:\/\/payra-monvillage.fr\/wp-content\/uploads\/2024\/03\/6MARS2024-1152x1536.jpg 1152w, https:\/\/payra-monvillage.fr\/wp-content\/uploads\/2024\/03\/6MARS2024.jpg 1200w\" sizes=\"auto, (max-width: 767px) 89vw, (max-width: 1000px) 54vw, (max-width: 1071px) 543px, 580px\" \/><\/figure>\n\n\n\n<p>Nous \u00e9tions nombreux : Olivier et Ronald avec les d\u00e9broussailleuses, Colette, Monique et B\u00e9atrice avec les s\u00e9cateurs et Ren\u00e9, Norbert et Max \u00e0 la r\u00e9fection des marches Photographies et texte de B\u00e9a. .<\/p>\n","protected":false},"excerpt":{"rendered":"<p>Bonjour \u00e0 tous, Nous vous proposons une s\u00e9ance de d\u00e9broussaillage le&nbsp;vendredi 31 mai 2024. objet&nbsp;:&nbsp; d\u00e9broussaillage vers la passerelle bleue et mont\u00e9e vers Picarel avec d\u00e9broussailleuses et s\u00e9cateurs Amiti\u00e9s, B\u00e9atrice pour les Chemins Retrouv\u00e9s \/ Nous vous proposons de nous retrouver :&nbsp; &nbsp;Jeudi 14 mars 2024 \u00e0 14 h&nbsp;au panneau des randonn\u00e9es pour aller ensuite &hellip; <\/p>\n<p class=\"link-more\"><a href=\"https:\/\/payra-monvillage.fr\/index.php\/debroussaillage\/\" class=\"more-link\">Continuer la lecture<span class=\"screen-reader-text\"> de &laquo;&nbsp;D\u00c9BROUSSAILLAGE&nbsp;&raquo;<\/span><\/a><\/p>\n","protected":false},"author":1,"featured_media":0,"parent":0,"menu_order":0,"comment_status":"closed","ping_status":"closed","template":"","meta":{"footnotes":""},"class_list":["post-3458","page","type-page","status-publish","hentry"],"_links":{"self":[{"href":"https:\/\/payra-monvillage.fr\/index.php\/wp-json\/wp\/v2\/pages\/3458","targetHints":{"allow":["GET"]}}],"collection":[{"href":"https:\/\/payra-monvillage.fr\/index.php\/wp-json\/wp\/v2\/pages"}],"about":[{"href":"https:\/\/payra-monvillage.fr\/index.php\/wp-json\/wp\/v2\/types\/page"}],"author":[{"embeddable":true,"href":"https:\/\/payra-monvillage.fr\/index.php\/wp-json\/wp\/v2\/users\/1"}],"replies":[{"embeddable":true,"href":"https:\/\/payra-monvillage.fr\/index.php\/wp-json\/wp\/v2\/comments?post=3458"}],"version-history":[{"count":5,"href":"https:\/\/payra-monvillage.fr\/index.php\/wp-json\/wp\/v2\/pages\/3458\/revisions"}],"predecessor-version":[{"id":3646,"href":"https:\/\/payra-monvillage.fr\/index.php\/wp-json\/wp\/v2\/pages\/3458\/revisions\/3646"}],"wp:attachment":[{"href":"https:\/\/payra-monvillage.fr\/index.php\/wp-json\/wp\/v2\/media?parent=3458"}],"curies":[{"name":"wp","href":"https:\/\/api.w.org\/{rel}","templated":true}]}}