{"id":1115,"date":"2023-11-26T09:45:29","date_gmt":"2023-11-26T08:45:29","guid":{"rendered":"https:\/\/payra-monvillage.fr\/?page_id=1115"},"modified":"2023-11-26T09:45:29","modified_gmt":"2023-11-26T08:45:29","slug":"outils-ustensiles-objets-dautrefois","status":"publish","type":"page","link":"https:\/\/payra-monvillage.fr\/index.php\/outils-ustensiles-objets-dautrefois\/","title":{"rendered":"Outils, ustensiles, objets d&rsquo;autrefois"},"content":{"rendered":"\n<figure class=\"wp-block-image size-large\"><img loading=\"lazy\" decoding=\"async\" width=\"1024\" height=\"768\" src=\"http:\/\/payra-monvillage.fr\/wp-content\/uploads\/2023\/11\/2a3fd69ad7703fc39372b35f7801ab22-4-1024x768.jpg\" alt=\"\" class=\"wp-image-1343\" srcset=\"https:\/\/payra-monvillage.fr\/wp-content\/uploads\/2023\/11\/2a3fd69ad7703fc39372b35f7801ab22-4-1024x768.jpg 1024w, https:\/\/payra-monvillage.fr\/wp-content\/uploads\/2023\/11\/2a3fd69ad7703fc39372b35f7801ab22-4-300x225.jpg 300w, https:\/\/payra-monvillage.fr\/wp-content\/uploads\/2023\/11\/2a3fd69ad7703fc39372b35f7801ab22-4-768x576.jpg 768w, https:\/\/payra-monvillage.fr\/wp-content\/uploads\/2023\/11\/2a3fd69ad7703fc39372b35f7801ab22-4.jpg 1300w\" sizes=\"auto, (max-width: 767px) 89vw, (max-width: 1000px) 54vw, (max-width: 1071px) 543px, 580px\" \/><\/figure>\n\n\n\n<p>enclume Claudinon de 1877<\/p>\n\n\n\n<figure class=\"wp-block-image size-large\"><img loading=\"lazy\" decoding=\"async\" width=\"1024\" height=\"768\" src=\"http:\/\/payra-monvillage.fr\/wp-content\/uploads\/2023\/11\/798732ce2537597123edf178808eef3b-3-1024x768.jpg\" alt=\"\" class=\"wp-image-1315\" srcset=\"https:\/\/payra-monvillage.fr\/wp-content\/uploads\/2023\/11\/798732ce2537597123edf178808eef3b-3-1024x768.jpg 1024w, https:\/\/payra-monvillage.fr\/wp-content\/uploads\/2023\/11\/798732ce2537597123edf178808eef3b-3-300x225.jpg 300w, https:\/\/payra-monvillage.fr\/wp-content\/uploads\/2023\/11\/798732ce2537597123edf178808eef3b-3-768x576.jpg 768w, https:\/\/payra-monvillage.fr\/wp-content\/uploads\/2023\/11\/798732ce2537597123edf178808eef3b-3.jpg 1300w\" sizes=\"auto, (max-width: 767px) 89vw, (max-width: 1000px) 54vw, (max-width: 1071px) 543px, 580px\" \/><\/figure>\n\n\n\n<p>N\u00b0 1134\u00a0 79 kg table 28 cm<\/p>\n\n\n\n<figure class=\"wp-block-image size-large\"><img loading=\"lazy\" decoding=\"async\" width=\"768\" height=\"1024\" src=\"http:\/\/payra-monvillage.fr\/wp-content\/uploads\/2023\/11\/ea8cc3eaa4efc52ff2b4da5394916f81-3-768x1024.jpg\" alt=\"\" class=\"wp-image-1333\" srcset=\"https:\/\/payra-monvillage.fr\/wp-content\/uploads\/2023\/11\/ea8cc3eaa4efc52ff2b4da5394916f81-3-768x1024.jpg 768w, https:\/\/payra-monvillage.fr\/wp-content\/uploads\/2023\/11\/ea8cc3eaa4efc52ff2b4da5394916f81-3-225x300.jpg 225w, https:\/\/payra-monvillage.fr\/wp-content\/uploads\/2023\/11\/ea8cc3eaa4efc52ff2b4da5394916f81-3.jpg 975w\" sizes=\"auto, (max-width: 767px) 89vw, (max-width: 1000px) 54vw, (max-width: 1071px) 543px, 580px\" \/><\/figure>\n\n\n\n<p>Hier \u00ab\u00a0un embuc\u00a0\u00bb pour gaver oies et canards.<\/p>\n\n\n\n<p>aujourd&rsquo;hui cet ustensile rudimentaire \u00e9t\u00e9 remplac\u00e9 par la machine.<\/p>\n\n\n\n<figure class=\"wp-block-image size-full\"><img loading=\"lazy\" decoding=\"async\" width=\"480\" height=\"640\" src=\"http:\/\/payra-monvillage.fr\/wp-content\/uploads\/2023\/11\/ef7f0e3660b6487c3108afeb088b699b-3.jpg\" alt=\"\" class=\"wp-image-1335\" srcset=\"https:\/\/payra-monvillage.fr\/wp-content\/uploads\/2023\/11\/ef7f0e3660b6487c3108afeb088b699b-3.jpg 480w, https:\/\/payra-monvillage.fr\/wp-content\/uploads\/2023\/11\/ef7f0e3660b6487c3108afeb088b699b-3-225x300.jpg 225w\" sizes=\"auto, (max-width: 480px) 100vw, 480px\" \/><\/figure>\n\n\n\n<p>Meule en pierre avec une manivelle pour aiguiser divers outils de taille, couteaux, etc&#8230;..<\/p>\n\n\n\n<figure class=\"wp-block-gallery has-nested-images columns-default is-cropped wp-block-gallery-1 is-layout-flex wp-block-gallery-is-layout-flex\">\n<figure class=\"wp-block-image size-large\"><img loading=\"lazy\" decoding=\"async\" width=\"480\" height=\"640\" data-id=\"1310\" src=\"https:\/\/payra-monvillage.fr\/wp-content\/uploads\/2023\/11\/924f750d750cd0e6b8c7ac9aac98155b-3.jpg\" alt=\"\" class=\"wp-image-1310\" srcset=\"https:\/\/payra-monvillage.fr\/wp-content\/uploads\/2023\/11\/924f750d750cd0e6b8c7ac9aac98155b-3.jpg 480w, https:\/\/payra-monvillage.fr\/wp-content\/uploads\/2023\/11\/924f750d750cd0e6b8c7ac9aac98155b-3-225x300.jpg 225w\" sizes=\"auto, (max-width: 480px) 100vw, 480px\" \/><\/figure>\n\n\n\n<figure class=\"wp-block-image size-large\"><img loading=\"lazy\" decoding=\"async\" width=\"480\" height=\"640\" data-id=\"1309\" src=\"https:\/\/payra-monvillage.fr\/wp-content\/uploads\/2023\/11\/721e9c3b9f43c3bd5e61f360b790e568-3.jpg\" alt=\"\" class=\"wp-image-1309\" srcset=\"https:\/\/payra-monvillage.fr\/wp-content\/uploads\/2023\/11\/721e9c3b9f43c3bd5e61f360b790e568-3.jpg 480w, https:\/\/payra-monvillage.fr\/wp-content\/uploads\/2023\/11\/721e9c3b9f43c3bd5e61f360b790e568-3-225x300.jpg 225w\" sizes=\"auto, (max-width: 480px) 100vw, 480px\" \/><\/figure>\n\n\n\n<figure class=\"wp-block-image size-large\"><img loading=\"lazy\" decoding=\"async\" width=\"640\" height=\"480\" data-id=\"1273\" src=\"https:\/\/payra-monvillage.fr\/wp-content\/uploads\/2023\/11\/cb76d54e025a93a7b57194e3ca45b225-2.jpg\" alt=\"\" class=\"wp-image-1273\" srcset=\"https:\/\/payra-monvillage.fr\/wp-content\/uploads\/2023\/11\/cb76d54e025a93a7b57194e3ca45b225-2.jpg 640w, https:\/\/payra-monvillage.fr\/wp-content\/uploads\/2023\/11\/cb76d54e025a93a7b57194e3ca45b225-2-300x225.jpg 300w\" sizes=\"auto, (max-width: 640px) 100vw, 640px\" \/><\/figure>\n<\/figure>\n\n\n\n<p>Les outils de coupe, de taille.Des faux anciennes et \u00a0\u00bb modernes\u00a0\u00bb 18\u00e8me 19\u00e8me 20\u00e8me<\/p>\n\n\n\n<p>D\u00e9tails et tataragnes d&rsquo;\u00e9poque lointaine. A remarquer un anneau dont l&rsquo;utilit\u00e9 m&rsquo;\u00e9chappe et une tige pour maintenir l&rsquo;angle de coupe\u00a0<\/p>\n\n\n\n<figure class=\"wp-block-gallery has-nested-images columns-default is-cropped wp-block-gallery-2 is-layout-flex wp-block-gallery-is-layout-flex\">\n<figure class=\"wp-block-image size-large\"><img loading=\"lazy\" decoding=\"async\" width=\"480\" height=\"640\" data-id=\"1327\" src=\"https:\/\/payra-monvillage.fr\/wp-content\/uploads\/2023\/11\/cc989d5caf826a31509297fa56513154-3.jpg\" alt=\"\" class=\"wp-image-1327\" srcset=\"https:\/\/payra-monvillage.fr\/wp-content\/uploads\/2023\/11\/cc989d5caf826a31509297fa56513154-3.jpg 480w, https:\/\/payra-monvillage.fr\/wp-content\/uploads\/2023\/11\/cc989d5caf826a31509297fa56513154-3-225x300.jpg 225w\" sizes=\"auto, (max-width: 480px) 100vw, 480px\" \/><\/figure>\n\n\n\n<figure class=\"wp-block-image size-large\"><img loading=\"lazy\" decoding=\"async\" width=\"480\" height=\"640\" data-id=\"1328\" src=\"https:\/\/payra-monvillage.fr\/wp-content\/uploads\/2023\/11\/d1c3b731cc5cd0ae69a1d68c394981a7-3.jpg\" alt=\"\" class=\"wp-image-1328\" srcset=\"https:\/\/payra-monvillage.fr\/wp-content\/uploads\/2023\/11\/d1c3b731cc5cd0ae69a1d68c394981a7-3.jpg 480w, https:\/\/payra-monvillage.fr\/wp-content\/uploads\/2023\/11\/d1c3b731cc5cd0ae69a1d68c394981a7-3-225x300.jpg 225w\" sizes=\"auto, (max-width: 480px) 100vw, 480px\" \/><\/figure>\n\n\n\n<figure class=\"wp-block-image size-large\"><img loading=\"lazy\" decoding=\"async\" width=\"480\" height=\"640\" data-id=\"1318\" src=\"https:\/\/payra-monvillage.fr\/wp-content\/uploads\/2023\/11\/a8fcfce70f6c772d393f9f5421ac6ff1-3.jpg\" alt=\"\" class=\"wp-image-1318\" srcset=\"https:\/\/payra-monvillage.fr\/wp-content\/uploads\/2023\/11\/a8fcfce70f6c772d393f9f5421ac6ff1-3.jpg 480w, https:\/\/payra-monvillage.fr\/wp-content\/uploads\/2023\/11\/a8fcfce70f6c772d393f9f5421ac6ff1-3-225x300.jpg 225w\" sizes=\"auto, (max-width: 480px) 100vw, 480px\" \/><\/figure>\n\n\n\n<figure class=\"wp-block-image size-large\"><img loading=\"lazy\" decoding=\"async\" width=\"480\" height=\"640\" data-id=\"1294\" src=\"https:\/\/payra-monvillage.fr\/wp-content\/uploads\/2023\/11\/7e618c589284182dd5a433db6a363a63-3.jpg\" alt=\"\" class=\"wp-image-1294\" srcset=\"https:\/\/payra-monvillage.fr\/wp-content\/uploads\/2023\/11\/7e618c589284182dd5a433db6a363a63-3.jpg 480w, https:\/\/payra-monvillage.fr\/wp-content\/uploads\/2023\/11\/7e618c589284182dd5a433db6a363a63-3-225x300.jpg 225w\" sizes=\"auto, (max-width: 480px) 100vw, 480px\" \/><\/figure>\n<\/figure>\n\n\n\n<p><p style=\"color: rgb(0, 0, 0); font-family: &quot;Times New Roman&quot;; font-size: medium; font-style: normal; font-variant-ligatures: normal; font-variant-caps: normal; font-weight: 400; letter-spacing: normal; orphans: 2; text-align: start; text-indent: 0px; text-transform: none; widows: 2; word-spacing: 0px; -webkit-text-stroke-width: 0px; white-space: normal; text-decoration-thickness: initial; text-decoration-style: initial; text-decoration-color: initial;\">Pour l&rsquo;entretien de la faux.On utilisait \u00ab\u00a0le fargo\u00a0\u00bb (l&rsquo;enclume) et \u00ab\u00a0lo martel\u00a0\u00bb pour piquer la faux.<\/p>La pierre \u00e0 aiguiser les outils ci-dessuus se trouvait dans un r\u00e9cipient avec de l&rsquo;eau, bien souvent c&rsquo;\u00e9tait une corne avec un bouchon d&rsquo;herbe pour maintenir la pierre toujours humide ou un tube de zinc .<\/p>\n\n\n\n<h1 class=\"wp-block-heading\">La faucille<\/h1>\n\n\n\n<p>\u00a0\u00bb On s&rsquo;est servi de le faucille pour moissonner jusqu&rsquo;au d\u00e9but du 20 \u00e8me si\u00e8cle. La faucille permettait de couper mieux et plus compl\u00e8tement les \u00e9pis. Le rendement en paille \u00e9tait plus grand puisque la paille \u00e9tait coup\u00e9e plus pr\u00e8s du sol et il \u00e9tait plus facile de couper les r\u00e9coltes abattues par les intemp\u00e9ries mais le travail \u00e9tait plus lent et plus p\u00e9nible&nbsp;qu&rsquo;\u00e0 la faux. La faucille fut compl\u00e8tement d\u00e9laiss\u00e9e lors de l&rsquo;apparition de la faux\u00a0\u00bb.<\/p>\n\n\n\n<figure class=\"wp-block-gallery has-nested-images columns-default is-cropped wp-block-gallery-3 is-layout-flex wp-block-gallery-is-layout-flex\">\n<figure class=\"wp-block-image size-large\"><img loading=\"lazy\" decoding=\"async\" width=\"480\" height=\"640\" data-id=\"1321\" src=\"https:\/\/payra-monvillage.fr\/wp-content\/uploads\/2023\/11\/b30c49d85d218efd7638f64e554630cd-3.jpg\" alt=\"\" class=\"wp-image-1321\" srcset=\"https:\/\/payra-monvillage.fr\/wp-content\/uploads\/2023\/11\/b30c49d85d218efd7638f64e554630cd-3.jpg 480w, https:\/\/payra-monvillage.fr\/wp-content\/uploads\/2023\/11\/b30c49d85d218efd7638f64e554630cd-3-225x300.jpg 225w\" sizes=\"auto, (max-width: 480px) 100vw, 480px\" \/><\/figure>\n\n\n\n<figure class=\"wp-block-image size-large\"><img loading=\"lazy\" decoding=\"async\" width=\"480\" height=\"640\" data-id=\"1314\" src=\"https:\/\/payra-monvillage.fr\/wp-content\/uploads\/2023\/11\/86548e59e6011e1853b412626d1ff4a4-3.jpg\" alt=\"\" class=\"wp-image-1314\" srcset=\"https:\/\/payra-monvillage.fr\/wp-content\/uploads\/2023\/11\/86548e59e6011e1853b412626d1ff4a4-3.jpg 480w, https:\/\/payra-monvillage.fr\/wp-content\/uploads\/2023\/11\/86548e59e6011e1853b412626d1ff4a4-3-225x300.jpg 225w\" sizes=\"auto, (max-width: 480px) 100vw, 480px\" \/><\/figure>\n\n\n\n<figure class=\"wp-block-image size-large\"><img loading=\"lazy\" decoding=\"async\" width=\"480\" height=\"640\" data-id=\"1299\" src=\"https:\/\/payra-monvillage.fr\/wp-content\/uploads\/2023\/11\/22b483cf9d1157d83dbd934d8707c868-3.jpg\" alt=\"\" class=\"wp-image-1299\" srcset=\"https:\/\/payra-monvillage.fr\/wp-content\/uploads\/2023\/11\/22b483cf9d1157d83dbd934d8707c868-3.jpg 480w, https:\/\/payra-monvillage.fr\/wp-content\/uploads\/2023\/11\/22b483cf9d1157d83dbd934d8707c868-3-225x300.jpg 225w\" sizes=\"auto, (max-width: 480px) 100vw, 480px\" \/><\/figure>\n\n\n\n<figure class=\"wp-block-image size-large\"><img loading=\"lazy\" decoding=\"async\" width=\"480\" height=\"640\" data-id=\"1296\" src=\"https:\/\/payra-monvillage.fr\/wp-content\/uploads\/2023\/11\/8aa4bfe0563e79022cc86ae5f0adf505-3.jpg\" alt=\"\" class=\"wp-image-1296\" srcset=\"https:\/\/payra-monvillage.fr\/wp-content\/uploads\/2023\/11\/8aa4bfe0563e79022cc86ae5f0adf505-3.jpg 480w, https:\/\/payra-monvillage.fr\/wp-content\/uploads\/2023\/11\/8aa4bfe0563e79022cc86ae5f0adf505-3-225x300.jpg 225w\" sizes=\"auto, (max-width: 480px) 100vw, 480px\" \/><\/figure>\n<\/figure>\n\n\n\n<p>Cet outil appel\u00e9 dans certaines campagnes de l&rsquo;Aude le dragoun servait au faucardage des mauvaises herbes et des ronces.\u00a0\u00a0<\/p>\n\n\n\n<h1 class=\"wp-block-heading\">Le Moine<\/h1>\n\n\n\n<p>Quel dr\u00f4le de nom pour cette pi\u00e8ce ressemblant \u00e0 une luge avec un r\u00e9cipient au centre!<\/p>\n\n\n\n<p>Hier, nos maisons n&rsquo;avaient pas de chauffage, seule la pi\u00e8ce principale \u00e9tait chauff\u00e9e au feu de bois et les chambres \u00e9taient plut\u00f4t glaciales. Rentrer dans un lit glac\u00e9 et humide aux draps \u00e9pais \u00e9tait une \u00e9preuve, les chaufferettes en terre r\u00e9fractaire plac\u00e9es au fond du lit r\u00e9chauffaient les pieds, ainsi que les bouillottes, parfois une bouteille de limonade avec de l&rsquo;eau ti\u00e8de faisait le m\u00eame effet. Le moine lui, \u00e9tait gliss\u00e9 sous les draps, la braise \u00e9tait plac\u00e9e dans le r\u00e9cipient quelques minutes avant le coucher.<\/p>\n\n\n\n<figure class=\"wp-block-gallery has-nested-images columns-default is-cropped wp-block-gallery-4 is-layout-flex wp-block-gallery-is-layout-flex\">\n<figure class=\"wp-block-image size-large\"><img loading=\"lazy\" decoding=\"async\" width=\"1024\" height=\"393\" data-id=\"1329\" src=\"https:\/\/payra-monvillage.fr\/wp-content\/uploads\/2023\/11\/d5ca0c1c4e9551db966a776ff8d9450f-3-1024x393.jpg\" alt=\"\" class=\"wp-image-1329\" srcset=\"https:\/\/payra-monvillage.fr\/wp-content\/uploads\/2023\/11\/d5ca0c1c4e9551db966a776ff8d9450f-3-1024x393.jpg 1024w, https:\/\/payra-monvillage.fr\/wp-content\/uploads\/2023\/11\/d5ca0c1c4e9551db966a776ff8d9450f-3-300x115.jpg 300w, https:\/\/payra-monvillage.fr\/wp-content\/uploads\/2023\/11\/d5ca0c1c4e9551db966a776ff8d9450f-3-768x295.jpg 768w, https:\/\/payra-monvillage.fr\/wp-content\/uploads\/2023\/11\/d5ca0c1c4e9551db966a776ff8d9450f-3.jpg 1200w\" sizes=\"auto, (max-width: 767px) 89vw, (max-width: 1000px) 54vw, (max-width: 1071px) 543px, 580px\" \/><\/figure>\n<\/figure>\n\n\n\n<h3 class=\"wp-block-heading\">Le moine du Commandant<\/h3>\n\n\n\n<p>1-Ah, quel \u00e9v\u00e9nement<br>Cr\u00e9 bon sang de bon sang !<br>J&rsquo;\u00e9tais l&rsquo;ordonnance pour lors<br>Chez l&rsquo; commandant major<br>Y m&rsquo; dit : J&rsquo;ai froid aux pieds<br>Avant qu&rsquo; j&rsquo;aille me coucher,<br>Comme il g\u00e8lera cette nuit,<br>Mets un moine dans mon lit<\/p>\n\n\n\n<p>2-Un moine, que je me dis<br>En voil\u00e0 un fourbi !<br>J&rsquo; connais pas d&rsquo; cordelier<br>Dedans tout le quartier<br>Encore je comprendrais<br>Si \u00e7a s&rsquo;rait un cur\u00e9<br>Mais un moine, nom de d&rsquo;l\u00e0 !<br>O\u00f9 c&rsquo; que j&rsquo; vas trouver \u00e7a ?<\/p>\n\n\n\n<p>3-Je confie mon chagrin<br>A Joseph, un copain<br>Un moine, qui m&rsquo; dit Joseph<br>J&rsquo;en connais pas b\u00e9sef<br>Mais y a pas bien loin<br>Un couvent d&rsquo; capucins<br>Bon, que j&rsquo; lui dis en souriant<br>Et je trotte au couvent<\/p>\n\n\n\n<p>4-Un vieux moine rigolo<br>Qu&rsquo;avait pas d&rsquo; godillots<br>Me dit : Mon fils, bonsoir<br>Entrez dedans l&rsquo; parloir<br>Salut, papa, qu&rsquo; j&rsquo;y dis<br>En r&rsquo;tirant mon k\u00e9pi<br>Par ordre du commandant<br>Suivez-moi m\u00e9diatement<\/p>\n\n\n\n<p>5-Le moine s&rsquo;\u00e9crie : J\u00e9sus !<br>Votre ma\u00eetre est donc perdu !<br>En ce cas, nous pourrions<br>Porter l&rsquo;extr\u00eame-onction<br>Portez c&rsquo; que vous voudrez<br>Que j&rsquo; dis, mais d\u00e9p\u00eachez !<br>Bref, y m&rsquo; fit plantonner<br>Le temps d&rsquo; mettre ses souliers<\/p>\n\n\n\n<p>6-Arriv\u00e9s chez l&rsquo; major<br>Je dis au moine : Pour lors<br>Mettez-vous vite au lit<br>Dormez bien et bonne nuit !<br>Le moine resta baba<br>Et comme y bougeait pas<br>J&rsquo; l&rsquo;attrape par le milieu<br>Et je vous l&rsquo; colle dans l&rsquo; pieu<\/p>\n\n\n\n<p>7-L\u00e0-dessus, v&rsquo;l\u00e0 l&rsquo; capucin<br>Qui crie \u00e0 l&rsquo;assassin<br>Et l&rsquo; major survenant<br>Qui m&rsquo; dit en m&rsquo;engueulant :<br>Esp\u00e8ce d&rsquo;idiot d&rsquo; fourneau<br>Esp\u00e8ce de gourde en flot !<br>Moi, j&rsquo;y dis en souriant :<br>C&rsquo;est l&rsquo; moine, mon commandant<\/p>\n\n\n\n<p>Chanson de Pierre-Paul Marsal\u00e9s dit Polin, chanteur de caf\u00e9-concert.<\/p>\n\n\n\n<p>(n\u00e9 le 13 ao\u00fbt 1863 \u00e0 Paris &#8211; d\u00e9c\u00e9d\u00e9 le 8 juin 1927 \u00e0 La Frette-sur-Seine).<\/p>\n\n\n\n<p>Site Objets d&rsquo;hier.<\/p>\n\n\n\n<p>Le Pichadou<\/p>\n\n\n\n<figure class=\"wp-block-image size-full\"><img loading=\"lazy\" decoding=\"async\" width=\"640\" height=\"480\" src=\"http:\/\/payra-monvillage.fr\/wp-content\/uploads\/2023\/11\/b606b22dcf06349ade857132b28483c1-3.jpg\" alt=\"\" class=\"wp-image-1322\" srcset=\"https:\/\/payra-monvillage.fr\/wp-content\/uploads\/2023\/11\/b606b22dcf06349ade857132b28483c1-3.jpg 640w, https:\/\/payra-monvillage.fr\/wp-content\/uploads\/2023\/11\/b606b22dcf06349ade857132b28483c1-3-300x225.jpg 300w\" sizes=\"auto, (max-width: 640px) 100vw, 640px\" \/><\/figure>\n\n\n\n<p>Lorsque je raconte \u00e0 mes petits enfants que pour faire nos besoins nous allions au fond du jardin, dans un coin recul\u00e9 avec un bout de papier dans les mains (souvent du seul journal que\u00a0nous connaissions la D\u00e9p\u00eache du Midi.) ils me regardent avec \u00e9tonnement et pensent que je blague et pourtant &#8230;. la nuit c&rsquo;\u00e9tait le pichadou.<\/p>\n\n\n\n<figure class=\"wp-block-image size-full\"><img loading=\"lazy\" decoding=\"async\" width=\"480\" height=\"640\" src=\"http:\/\/payra-monvillage.fr\/wp-content\/uploads\/2023\/11\/1a147877b7f2b59c316a9ba16f0c3981-1.jpg\" alt=\"\" class=\"wp-image-1338\" srcset=\"https:\/\/payra-monvillage.fr\/wp-content\/uploads\/2023\/11\/1a147877b7f2b59c316a9ba16f0c3981-1.jpg 480w, https:\/\/payra-monvillage.fr\/wp-content\/uploads\/2023\/11\/1a147877b7f2b59c316a9ba16f0c3981-1-225x300.jpg 225w\" sizes=\"auto, (max-width: 480px) 100vw, 480px\" \/><\/figure>\n\n\n\n<h2 class=\"wp-block-heading\">La toilette<\/h2>\n\n\n\n<figure class=\"wp-block-image size-full\"><img loading=\"lazy\" decoding=\"async\" width=\"640\" height=\"480\" src=\"http:\/\/payra-monvillage.fr\/wp-content\/uploads\/2023\/11\/1759258aa7365cd1f73a290880651f8b-3.jpg\" alt=\"\" class=\"wp-image-1316\" srcset=\"https:\/\/payra-monvillage.fr\/wp-content\/uploads\/2023\/11\/1759258aa7365cd1f73a290880651f8b-3.jpg 640w, https:\/\/payra-monvillage.fr\/wp-content\/uploads\/2023\/11\/1759258aa7365cd1f73a290880651f8b-3-300x225.jpg 300w\" sizes=\"auto, (max-width: 640px) 100vw, 640px\" \/><\/figure>\n\n\n\n<p>Hier, l&rsquo;eau courante n&rsquo;arrivait pas dans les maisons et la salle de bain \u00e9tait inconnue, on se lavait soit avec de l&rsquo;eau chaude tir\u00e9e du chaudron devant la chemin\u00e9e et vers\u00e9e dans une bassine, soit avec un seau, soit avec un broc\u00a0et une cuvette install\u00e9s sur un petit meuble dans la chambre.<\/p>\n\n\n\n<figure class=\"wp-block-gallery has-nested-images columns-default is-cropped wp-block-gallery-5 is-layout-flex wp-block-gallery-is-layout-flex\">\n<figure class=\"wp-block-image size-large\"><img loading=\"lazy\" decoding=\"async\" width=\"640\" height=\"480\" data-id=\"1330\" src=\"https:\/\/payra-monvillage.fr\/wp-content\/uploads\/2023\/11\/d47e298be8bec18e8c82ce94bb973677-3.jpg\" alt=\"\" class=\"wp-image-1330\" srcset=\"https:\/\/payra-monvillage.fr\/wp-content\/uploads\/2023\/11\/d47e298be8bec18e8c82ce94bb973677-3.jpg 640w, https:\/\/payra-monvillage.fr\/wp-content\/uploads\/2023\/11\/d47e298be8bec18e8c82ce94bb973677-3-300x225.jpg 300w\" sizes=\"auto, (max-width: 640px) 100vw, 640px\" \/><\/figure>\n\n\n\n<figure class=\"wp-block-image size-large\"><img loading=\"lazy\" decoding=\"async\" width=\"640\" height=\"480\" data-id=\"1306\" src=\"https:\/\/payra-monvillage.fr\/wp-content\/uploads\/2023\/11\/81adbb37fa2067d3303756f558f683a1-3.jpg\" alt=\"\" class=\"wp-image-1306\" srcset=\"https:\/\/payra-monvillage.fr\/wp-content\/uploads\/2023\/11\/81adbb37fa2067d3303756f558f683a1-3.jpg 640w, https:\/\/payra-monvillage.fr\/wp-content\/uploads\/2023\/11\/81adbb37fa2067d3303756f558f683a1-3-300x225.jpg 300w\" sizes=\"auto, (max-width: 640px) 100vw, 640px\" \/><\/figure>\n<\/figure>\n\n\n\n<h1 class=\"wp-block-heading\">La lessiveuse<\/h1>\n\n\n\n<p>L&rsquo;anc\u00eatre de la machine \u00e0 laver&nbsp; a disparu dans les ann\u00e9es 60, rempla\u00e7ant la lessive qui se faisait dans un baquet de bois ou un cuvier, le linge \u00e9tait d\u00e9pos\u00e9 dans le cuvier puis recouvert de cendre sur laquelle on versait de l&rsquo;eau bouillante. L&rsquo;eau \u00e9tait r\u00e9cup\u00e9r\u00e9e gr\u00e2ce \u00e0 un robinet et r\u00e9utilis\u00e9e.<\/p>\n\n\n\n<p>La lessiveuse chauff\u00e9e au feu de bois,&nbsp;poss\u00e8de \u00a0\u00bb un double fond avec une chemin\u00e9e&nbsp;et un pommeau qui arrose le linge d&rsquo;eau bouillante, l&rsquo;eau descend en traversant le linge et retombe au fond pour remonter etc&#8230;.&nbsp;<\/p>\n\n\n\n<figure class=\"wp-block-gallery has-nested-images columns-default is-cropped wp-block-gallery-6 is-layout-flex wp-block-gallery-is-layout-flex\">\n<figure class=\"wp-block-image size-large\"><img loading=\"lazy\" decoding=\"async\" width=\"1024\" height=\"919\" data-id=\"1284\" src=\"https:\/\/payra-monvillage.fr\/wp-content\/uploads\/2023\/11\/f09dd8258e61ea9f684dd26933d86bb1-2-1024x919.jpg\" alt=\"\" class=\"wp-image-1284\" srcset=\"https:\/\/payra-monvillage.fr\/wp-content\/uploads\/2023\/11\/f09dd8258e61ea9f684dd26933d86bb1-2-1024x919.jpg 1024w, https:\/\/payra-monvillage.fr\/wp-content\/uploads\/2023\/11\/f09dd8258e61ea9f684dd26933d86bb1-2-300x269.jpg 300w, https:\/\/payra-monvillage.fr\/wp-content\/uploads\/2023\/11\/f09dd8258e61ea9f684dd26933d86bb1-2-768x689.jpg 768w, https:\/\/payra-monvillage.fr\/wp-content\/uploads\/2023\/11\/f09dd8258e61ea9f684dd26933d86bb1-2.jpg 1200w\" sizes=\"auto, (max-width: 767px) 89vw, (max-width: 1000px) 54vw, (max-width: 1071px) 543px, 580px\" \/><\/figure>\n\n\n\n<figure class=\"wp-block-image size-large\"><img loading=\"lazy\" decoding=\"async\" width=\"640\" height=\"480\" data-id=\"1287\" src=\"https:\/\/payra-monvillage.fr\/wp-content\/uploads\/2023\/11\/03f702a798471b22bd7544ece8f48915-3.jpg\" alt=\"\" class=\"wp-image-1287\" srcset=\"https:\/\/payra-monvillage.fr\/wp-content\/uploads\/2023\/11\/03f702a798471b22bd7544ece8f48915-3.jpg 640w, https:\/\/payra-monvillage.fr\/wp-content\/uploads\/2023\/11\/03f702a798471b22bd7544ece8f48915-3-300x225.jpg 300w\" sizes=\"auto, (max-width: 640px) 100vw, 640px\" \/><\/figure>\n<\/figure>\n\n\n\n<p>Les chaudrons, les marmites en fonte <\/p>\n\n\n\n<p>Le chaudron sur pied en&nbsp;fonte \u00e9paisse&nbsp;<\/p>\n\n\n\n<p>d&rsquo;une hauteur de 40 cm, d&rsquo;un diam\u00e8tre de 50 cm, d&rsquo;un poids approximatif de 50\u00a0kg vide, difficile \u00e0 d\u00e9placer il\u00a0devait \u00eatre\u00a0install\u00e9 dans la chemin\u00e9e pour cuire les aliments en grande quantit\u00e9, lorsqu&rsquo;on tuait le cochon par exemple. D&rsquo;apr\u00e8s Simon\u00a0la\u00a0fonte qui est un excellent conducteur de chaleur permettait d&rsquo;avoir de l&rsquo;eau chaude toute la journ\u00e9e.c&rsquo;\u00e9tait en quelque sorte le premier cumulus . \u00a0marmite en fonte sur pieds pour feu de bois pour mijoter quelques succulents rago\u00fbts.<\/p>\n\n\n\n<figure class=\"wp-block-gallery has-nested-images columns-default is-cropped wp-block-gallery-7 is-layout-flex wp-block-gallery-is-layout-flex\">\n<figure class=\"wp-block-image size-large\"><img loading=\"lazy\" decoding=\"async\" width=\"768\" height=\"1024\" data-id=\"1313\" src=\"https:\/\/payra-monvillage.fr\/wp-content\/uploads\/2023\/11\/35364cb267fdac72e70a725eff14dd41-3-768x1024.jpg\" alt=\"\" class=\"wp-image-1313\" srcset=\"https:\/\/payra-monvillage.fr\/wp-content\/uploads\/2023\/11\/35364cb267fdac72e70a725eff14dd41-3-768x1024.jpg 768w, https:\/\/payra-monvillage.fr\/wp-content\/uploads\/2023\/11\/35364cb267fdac72e70a725eff14dd41-3-225x300.jpg 225w, https:\/\/payra-monvillage.fr\/wp-content\/uploads\/2023\/11\/35364cb267fdac72e70a725eff14dd41-3-1152x1536.jpg 1152w, https:\/\/payra-monvillage.fr\/wp-content\/uploads\/2023\/11\/35364cb267fdac72e70a725eff14dd41-3.jpg 1200w\" sizes=\"auto, (max-width: 767px) 89vw, (max-width: 1000px) 54vw, (max-width: 1071px) 543px, 580px\" \/><\/figure>\n\n\n\n<figure class=\"wp-block-image size-large\"><img loading=\"lazy\" decoding=\"async\" width=\"1024\" height=\"1004\" data-id=\"1303\" src=\"https:\/\/payra-monvillage.fr\/wp-content\/uploads\/2023\/11\/35e7735851f5fb21d3024c8fc8a7e186-3-1024x1004.jpg\" alt=\"\" class=\"wp-image-1303\" srcset=\"https:\/\/payra-monvillage.fr\/wp-content\/uploads\/2023\/11\/35e7735851f5fb21d3024c8fc8a7e186-3-1024x1004.jpg 1024w, https:\/\/payra-monvillage.fr\/wp-content\/uploads\/2023\/11\/35e7735851f5fb21d3024c8fc8a7e186-3-300x294.jpg 300w, https:\/\/payra-monvillage.fr\/wp-content\/uploads\/2023\/11\/35e7735851f5fb21d3024c8fc8a7e186-3-768x753.jpg 768w, https:\/\/payra-monvillage.fr\/wp-content\/uploads\/2023\/11\/35e7735851f5fb21d3024c8fc8a7e186-3.jpg 1200w\" sizes=\"auto, (max-width: 767px) 89vw, (max-width: 1000px) 54vw, (max-width: 1071px) 543px, 580px\" \/><\/figure>\n<\/figure>\n\n\n\n<p>Diverses balances<\/p>\n\n\n\n<figure class=\"wp-block-gallery has-nested-images columns-default is-cropped wp-block-gallery-8 is-layout-flex wp-block-gallery-is-layout-flex\">\n<figure class=\"wp-block-image size-large\"><img loading=\"lazy\" decoding=\"async\" width=\"1024\" height=\"768\" data-id=\"1215\" src=\"https:\/\/payra-monvillage.fr\/wp-content\/uploads\/2023\/11\/be063940979ce5e067aab0aa442ed417-1-1024x768.jpg\" alt=\"\" class=\"wp-image-1215\" srcset=\"https:\/\/payra-monvillage.fr\/wp-content\/uploads\/2023\/11\/be063940979ce5e067aab0aa442ed417-1-1024x768.jpg 1024w, https:\/\/payra-monvillage.fr\/wp-content\/uploads\/2023\/11\/be063940979ce5e067aab0aa442ed417-1-300x225.jpg 300w, https:\/\/payra-monvillage.fr\/wp-content\/uploads\/2023\/11\/be063940979ce5e067aab0aa442ed417-1-768x576.jpg 768w, https:\/\/payra-monvillage.fr\/wp-content\/uploads\/2023\/11\/be063940979ce5e067aab0aa442ed417-1.jpg 1200w\" sizes=\"auto, (max-width: 767px) 89vw, (max-width: 1000px) 54vw, (max-width: 1071px) 543px, 580px\" \/><\/figure>\n\n\n\n<figure class=\"wp-block-image size-large\"><img loading=\"lazy\" decoding=\"async\" width=\"1024\" height=\"768\" data-id=\"1244\" src=\"https:\/\/payra-monvillage.fr\/wp-content\/uploads\/2023\/11\/14ad9749ab66bfe5c30c424cc2772b38-2-1024x768.jpg\" alt=\"\" class=\"wp-image-1244\" srcset=\"https:\/\/payra-monvillage.fr\/wp-content\/uploads\/2023\/11\/14ad9749ab66bfe5c30c424cc2772b38-2-1024x768.jpg 1024w, https:\/\/payra-monvillage.fr\/wp-content\/uploads\/2023\/11\/14ad9749ab66bfe5c30c424cc2772b38-2-300x225.jpg 300w, https:\/\/payra-monvillage.fr\/wp-content\/uploads\/2023\/11\/14ad9749ab66bfe5c30c424cc2772b38-2-768x576.jpg 768w, https:\/\/payra-monvillage.fr\/wp-content\/uploads\/2023\/11\/14ad9749ab66bfe5c30c424cc2772b38-2.jpg 1200w\" sizes=\"auto, (max-width: 767px) 89vw, (max-width: 1000px) 54vw, (max-width: 1071px) 543px, 580px\" \/><\/figure>\n<\/figure>\n\n\n\n<p>P\u00e8se lettre \u00a0avec tarif d&rsquo;affranchissement des lettres pour la France, la Corse, l&rsquo;Alg\u00e9rie et la Tunisie<\/p>\n\n\n\n<h1 class=\"wp-block-heading\">Le caf\u00e9<\/h1>\n\n\n\n<p>Le caf\u00e9 \u00e9tait pr\u00e9par\u00e9 avec soin et terminait chaque fin de repas,&nbsp;il \u00e9tait offert \u00e0 chaque visiteur quelle&nbsp;que&nbsp;soit l&rsquo;heure de la journ\u00e9e. Le caf\u00e9 devait \u00eatre pris assis, c&rsquo;\u00e9tait un&nbsp;moment de d\u00e9tente. La grand-m\u00e8re F\u00e9licie disait :&nbsp;\u00a0\u00bb&nbsp;si tu ne t&rsquo;assieds pas, lorsque tu seras vieux tu trembleras.\u00a0\u00bb Le dimanche on y ajoutait une goutte d&rsquo;alcool.<\/p>\n\n\n\n<p>Le caf\u00e9 \u00e9tait moulu dans le moulin \u00e0 caf\u00e9 et filtr\u00e9 dans une chaussette de la cafeti\u00e8re. Bien souvent par souci d&rsquo;\u00e9conomie il y avait plus de chicor\u00e9e que de caf\u00e9.<\/p>\n\n\n\n<figure class=\"wp-block-gallery has-nested-images columns-default is-cropped wp-block-gallery-9 is-layout-flex wp-block-gallery-is-layout-flex\">\n<figure class=\"wp-block-image size-large\"><img loading=\"lazy\" decoding=\"async\" width=\"480\" height=\"640\" data-id=\"1317\" src=\"https:\/\/payra-monvillage.fr\/wp-content\/uploads\/2023\/11\/5846805c4f4f7bcb426fa2dfe26511d9-3.jpg\" alt=\"\" class=\"wp-image-1317\" srcset=\"https:\/\/payra-monvillage.fr\/wp-content\/uploads\/2023\/11\/5846805c4f4f7bcb426fa2dfe26511d9-3.jpg 480w, https:\/\/payra-monvillage.fr\/wp-content\/uploads\/2023\/11\/5846805c4f4f7bcb426fa2dfe26511d9-3-225x300.jpg 225w\" sizes=\"auto, (max-width: 480px) 100vw, 480px\" \/><\/figure>\n\n\n\n<figure class=\"wp-block-image size-large\"><img loading=\"lazy\" decoding=\"async\" width=\"480\" height=\"640\" data-id=\"1301\" src=\"https:\/\/payra-monvillage.fr\/wp-content\/uploads\/2023\/11\/25f58a3bce66c803545ee9bded6b7f2a-3.jpg\" alt=\"\" class=\"wp-image-1301\" srcset=\"https:\/\/payra-monvillage.fr\/wp-content\/uploads\/2023\/11\/25f58a3bce66c803545ee9bded6b7f2a-3.jpg 480w, https:\/\/payra-monvillage.fr\/wp-content\/uploads\/2023\/11\/25f58a3bce66c803545ee9bded6b7f2a-3-225x300.jpg 225w\" sizes=\"auto, (max-width: 480px) 100vw, 480px\" \/><\/figure>\n\n\n\n<figure class=\"wp-block-image size-large\"><img loading=\"lazy\" decoding=\"async\" width=\"480\" height=\"640\" data-id=\"1298\" src=\"https:\/\/payra-monvillage.fr\/wp-content\/uploads\/2023\/11\/0019c7e878ff1dd80a0a8a9e2822c4cb-3.jpg\" alt=\"\" class=\"wp-image-1298\" srcset=\"https:\/\/payra-monvillage.fr\/wp-content\/uploads\/2023\/11\/0019c7e878ff1dd80a0a8a9e2822c4cb-3.jpg 480w, https:\/\/payra-monvillage.fr\/wp-content\/uploads\/2023\/11\/0019c7e878ff1dd80a0a8a9e2822c4cb-3-225x300.jpg 225w\" sizes=\"auto, (max-width: 480px) 100vw, 480px\" \/><\/figure>\n<\/figure>\n\n\n\n<h1 class=\"wp-block-heading\">L&rsquo;\u00e9lectricit\u00e9 dans nos campagnes<\/h1>\n\n\n\n<p>En 1918,&nbsp; 20\u00b0\/ des communes Fran\u00e7aises sont raccord\u00e9es au r\u00e9seau \u00e9lectrique.&nbsp;Ce sont les communes urbaines qui sont en priorit\u00e9 \u00e9lectrifi\u00e9es. Les communes rurales qui repr\u00e9sentent plus de la moiti\u00e9 de la population Fran\u00e7aise (40 millions) n&rsquo;aura acc\u00e8s \u00e0 la \u00a0\u00bb f\u00e9e lumi\u00e8re \u00a0\u00bb que progressivement.&nbsp;Cette p\u00e9riode d&rsquo;\u00e9lectrification de nos campagnes va durer plus de 50 ans. A Payra ( source du doyen du village Simon Ramplou 96 ans)&nbsp;c&rsquo;est dans les ann\u00e9es 30 35 que furent install\u00e9s les premiers transformateurs, le d\u00e9piquage se faisait avec des moteurs \u00e9lectriques que Simon \u00e9tait charg\u00e9 de brancher.<\/p>\n\n\n\n<p>Avant &nbsp;pour s&rsquo;\u00e9clairer divers objets \u00e9taient utilis\u00e9s.<\/p>\n\n\n\n<figure class=\"wp-block-gallery has-nested-images columns-default is-cropped wp-block-gallery-10 is-layout-flex wp-block-gallery-is-layout-flex\">\n<figure class=\"wp-block-image size-large\"><img loading=\"lazy\" decoding=\"async\" width=\"559\" height=\"1024\" data-id=\"1342\" src=\"https:\/\/payra-monvillage.fr\/wp-content\/uploads\/2023\/11\/1d1c90780487fa37175150052e133bd6-4-559x1024.jpg\" alt=\"\" class=\"wp-image-1342\" srcset=\"https:\/\/payra-monvillage.fr\/wp-content\/uploads\/2023\/11\/1d1c90780487fa37175150052e133bd6-4-559x1024.jpg 559w, https:\/\/payra-monvillage.fr\/wp-content\/uploads\/2023\/11\/1d1c90780487fa37175150052e133bd6-4-164x300.jpg 164w, https:\/\/payra-monvillage.fr\/wp-content\/uploads\/2023\/11\/1d1c90780487fa37175150052e133bd6-4-768x1408.jpg 768w, https:\/\/payra-monvillage.fr\/wp-content\/uploads\/2023\/11\/1d1c90780487fa37175150052e133bd6-4-838x1536.jpg 838w, https:\/\/payra-monvillage.fr\/wp-content\/uploads\/2023\/11\/1d1c90780487fa37175150052e133bd6-4.jpg 1036w\" sizes=\"auto, (max-width: 559px) 100vw, 559px\" \/><\/figure>\n\n\n\n<figure class=\"wp-block-image size-large\"><img loading=\"lazy\" decoding=\"async\" width=\"431\" height=\"1024\" data-id=\"1341\" src=\"https:\/\/payra-monvillage.fr\/wp-content\/uploads\/2023\/11\/1bc01886334a3d6c7f157dd0531cbf79-3-431x1024.jpg\" alt=\"\" class=\"wp-image-1341\" srcset=\"https:\/\/payra-monvillage.fr\/wp-content\/uploads\/2023\/11\/1bc01886334a3d6c7f157dd0531cbf79-3-431x1024.jpg 431w, https:\/\/payra-monvillage.fr\/wp-content\/uploads\/2023\/11\/1bc01886334a3d6c7f157dd0531cbf79-3-126x300.jpg 126w, https:\/\/payra-monvillage.fr\/wp-content\/uploads\/2023\/11\/1bc01886334a3d6c7f157dd0531cbf79-3-768x1825.jpg 768w, https:\/\/payra-monvillage.fr\/wp-content\/uploads\/2023\/11\/1bc01886334a3d6c7f157dd0531cbf79-3-646x1536.jpg 646w, https:\/\/payra-monvillage.fr\/wp-content\/uploads\/2023\/11\/1bc01886334a3d6c7f157dd0531cbf79-3.jpg 799w\" sizes=\"auto, (max-width: 431px) 100vw, 431px\" \/><\/figure>\n\n\n\n<figure class=\"wp-block-image size-large\"><img loading=\"lazy\" decoding=\"async\" width=\"625\" height=\"1024\" data-id=\"1334\" src=\"https:\/\/payra-monvillage.fr\/wp-content\/uploads\/2023\/11\/eb18628b8d699175c16215a0455e85e0-3-625x1024.jpg\" alt=\"\" class=\"wp-image-1334\" srcset=\"https:\/\/payra-monvillage.fr\/wp-content\/uploads\/2023\/11\/eb18628b8d699175c16215a0455e85e0-3-625x1024.jpg 625w, https:\/\/payra-monvillage.fr\/wp-content\/uploads\/2023\/11\/eb18628b8d699175c16215a0455e85e0-3-183x300.jpg 183w, https:\/\/payra-monvillage.fr\/wp-content\/uploads\/2023\/11\/eb18628b8d699175c16215a0455e85e0-3-768x1258.jpg 768w, https:\/\/payra-monvillage.fr\/wp-content\/uploads\/2023\/11\/eb18628b8d699175c16215a0455e85e0-3-937x1536.jpg 937w, https:\/\/payra-monvillage.fr\/wp-content\/uploads\/2023\/11\/eb18628b8d699175c16215a0455e85e0-3.jpg 1159w\" sizes=\"auto, (max-width: 625px) 100vw, 625px\" \/><\/figure>\n<\/figure>\n\n\n\n<figure class=\"wp-block-gallery has-nested-images columns-default is-cropped wp-block-gallery-11 is-layout-flex wp-block-gallery-is-layout-flex\">\n<figure class=\"wp-block-image size-large\"><img loading=\"lazy\" decoding=\"async\" width=\"1014\" height=\"1024\" data-id=\"1288\" src=\"https:\/\/payra-monvillage.fr\/wp-content\/uploads\/2023\/11\/3ada50b121259778eb5c81a2252fa709-3-1014x1024.jpg\" alt=\"\" class=\"wp-image-1288\" srcset=\"https:\/\/payra-monvillage.fr\/wp-content\/uploads\/2023\/11\/3ada50b121259778eb5c81a2252fa709-3-1014x1024.jpg 1014w, https:\/\/payra-monvillage.fr\/wp-content\/uploads\/2023\/11\/3ada50b121259778eb5c81a2252fa709-3-297x300.jpg 297w, https:\/\/payra-monvillage.fr\/wp-content\/uploads\/2023\/11\/3ada50b121259778eb5c81a2252fa709-3-150x150.jpg 150w, https:\/\/payra-monvillage.fr\/wp-content\/uploads\/2023\/11\/3ada50b121259778eb5c81a2252fa709-3-768x775.jpg 768w, https:\/\/payra-monvillage.fr\/wp-content\/uploads\/2023\/11\/3ada50b121259778eb5c81a2252fa709-3-1521x1536.jpg 1521w, https:\/\/payra-monvillage.fr\/wp-content\/uploads\/2023\/11\/3ada50b121259778eb5c81a2252fa709-3-100x100.jpg 100w, https:\/\/payra-monvillage.fr\/wp-content\/uploads\/2023\/11\/3ada50b121259778eb5c81a2252fa709-3.jpg 1881w\" sizes=\"auto, (max-width: 767px) 89vw, (max-width: 1000px) 54vw, (max-width: 1071px) 543px, 580px\" \/><\/figure>\n\n\n\n<figure class=\"wp-block-image size-large\"><img loading=\"lazy\" decoding=\"async\" width=\"382\" height=\"1024\" data-id=\"1300\" src=\"https:\/\/payra-monvillage.fr\/wp-content\/uploads\/2023\/11\/23e1983be29db8705e7e5daab1ecae13-3-382x1024.jpg\" alt=\"\" class=\"wp-image-1300\" srcset=\"https:\/\/payra-monvillage.fr\/wp-content\/uploads\/2023\/11\/23e1983be29db8705e7e5daab1ecae13-3-382x1024.jpg 382w, https:\/\/payra-monvillage.fr\/wp-content\/uploads\/2023\/11\/23e1983be29db8705e7e5daab1ecae13-3-112x300.jpg 112w, https:\/\/payra-monvillage.fr\/wp-content\/uploads\/2023\/11\/23e1983be29db8705e7e5daab1ecae13-3-573x1536.jpg 573w, https:\/\/payra-monvillage.fr\/wp-content\/uploads\/2023\/11\/23e1983be29db8705e7e5daab1ecae13-3.jpg 709w\" sizes=\"auto, (max-width: 382px) 100vw, 382px\" \/><\/figure>\n\n\n\n<figure class=\"wp-block-image size-large\"><img loading=\"lazy\" decoding=\"async\" width=\"992\" height=\"1024\" data-id=\"1289\" src=\"https:\/\/payra-monvillage.fr\/wp-content\/uploads\/2023\/11\/3e7dd782c37073b3aa1c7e4d0ffed8a1-3-992x1024.jpg\" alt=\"\" class=\"wp-image-1289\" srcset=\"https:\/\/payra-monvillage.fr\/wp-content\/uploads\/2023\/11\/3e7dd782c37073b3aa1c7e4d0ffed8a1-3-992x1024.jpg 992w, https:\/\/payra-monvillage.fr\/wp-content\/uploads\/2023\/11\/3e7dd782c37073b3aa1c7e4d0ffed8a1-3-291x300.jpg 291w, https:\/\/payra-monvillage.fr\/wp-content\/uploads\/2023\/11\/3e7dd782c37073b3aa1c7e4d0ffed8a1-3-768x793.jpg 768w, https:\/\/payra-monvillage.fr\/wp-content\/uploads\/2023\/11\/3e7dd782c37073b3aa1c7e4d0ffed8a1-3-1488x1536.jpg 1488w, https:\/\/payra-monvillage.fr\/wp-content\/uploads\/2023\/11\/3e7dd782c37073b3aa1c7e4d0ffed8a1-3.jpg 1841w\" sizes=\"auto, (max-width: 767px) 89vw, (max-width: 1000px) 54vw, (max-width: 1071px) 543px, 580px\" \/><\/figure>\n<\/figure>\n\n\n\n<figure class=\"wp-block-gallery has-nested-images columns-default is-cropped wp-block-gallery-12 is-layout-flex wp-block-gallery-is-layout-flex\">\n<figure class=\"wp-block-image size-large\"><img loading=\"lazy\" decoding=\"async\" width=\"768\" height=\"1024\" data-id=\"1304\" src=\"https:\/\/payra-monvillage.fr\/wp-content\/uploads\/2023\/11\/35f0965b9d459e3f262e42cad0a79e45-3-768x1024.jpg\" alt=\"\" class=\"wp-image-1304\" srcset=\"https:\/\/payra-monvillage.fr\/wp-content\/uploads\/2023\/11\/35f0965b9d459e3f262e42cad0a79e45-3-768x1024.jpg 768w, https:\/\/payra-monvillage.fr\/wp-content\/uploads\/2023\/11\/35f0965b9d459e3f262e42cad0a79e45-3-225x300.jpg 225w, https:\/\/payra-monvillage.fr\/wp-content\/uploads\/2023\/11\/35f0965b9d459e3f262e42cad0a79e45-3-1152x1536.jpg 1152w, https:\/\/payra-monvillage.fr\/wp-content\/uploads\/2023\/11\/35f0965b9d459e3f262e42cad0a79e45-3.jpg 1425w\" sizes=\"auto, (max-width: 767px) 89vw, (max-width: 1000px) 54vw, (max-width: 1071px) 543px, 580px\" \/><\/figure>\n\n\n\n<figure class=\"wp-block-image size-large\"><img loading=\"lazy\" decoding=\"async\" width=\"640\" height=\"480\" data-id=\"1202\" src=\"https:\/\/payra-monvillage.fr\/wp-content\/uploads\/2023\/11\/8513e26c46488c21b3876c37526c8014-1.jpg\" alt=\"\" class=\"wp-image-1202\" srcset=\"https:\/\/payra-monvillage.fr\/wp-content\/uploads\/2023\/11\/8513e26c46488c21b3876c37526c8014-1.jpg 640w, https:\/\/payra-monvillage.fr\/wp-content\/uploads\/2023\/11\/8513e26c46488c21b3876c37526c8014-1-300x225.jpg 300w\" sizes=\"auto, (max-width: 640px) 100vw, 640px\" \/><\/figure>\n\n\n\n<figure class=\"wp-block-image size-large\"><img loading=\"lazy\" decoding=\"async\" width=\"640\" height=\"480\" data-id=\"1198\" src=\"https:\/\/payra-monvillage.fr\/wp-content\/uploads\/2023\/11\/599aa66e6e38be54c54f2c53d52b79ae-1.jpg\" alt=\"\" class=\"wp-image-1198\" srcset=\"https:\/\/payra-monvillage.fr\/wp-content\/uploads\/2023\/11\/599aa66e6e38be54c54f2c53d52b79ae-1.jpg 640w, https:\/\/payra-monvillage.fr\/wp-content\/uploads\/2023\/11\/599aa66e6e38be54c54f2c53d52b79ae-1-300x225.jpg 300w\" sizes=\"auto, (max-width: 640px) 100vw, 640px\" \/><\/figure>\n<\/figure>\n\n\n\n<p>Un flotteur, une m\u00e8che, un verre d&rsquo;huile d&rsquo;olive et nous avons une veilleuse.\u00a0<\/p>\n\n\n\n<h1 class=\"wp-block-heading\">Ustensiles de cuisine<\/h1>\n\n\n\n<p>Cassole pour famille nombreuse!<\/p>\n\n\n\n<figure class=\"wp-block-image size-large\"><img loading=\"lazy\" decoding=\"async\" width=\"1024\" height=\"768\" src=\"http:\/\/payra-monvillage.fr\/wp-content\/uploads\/2023\/11\/109a37fd01388cc9ece18a3ae7e84915-2-1024x768.jpg\" alt=\"\" class=\"wp-image-1254\" srcset=\"https:\/\/payra-monvillage.fr\/wp-content\/uploads\/2023\/11\/109a37fd01388cc9ece18a3ae7e84915-2-1024x768.jpg 1024w, https:\/\/payra-monvillage.fr\/wp-content\/uploads\/2023\/11\/109a37fd01388cc9ece18a3ae7e84915-2-300x225.jpg 300w, https:\/\/payra-monvillage.fr\/wp-content\/uploads\/2023\/11\/109a37fd01388cc9ece18a3ae7e84915-2-768x576.jpg 768w, https:\/\/payra-monvillage.fr\/wp-content\/uploads\/2023\/11\/109a37fd01388cc9ece18a3ae7e84915-2.jpg 1200w\" sizes=\"auto, (max-width: 767px) 89vw, (max-width: 1000px) 54vw, (max-width: 1071px) 543px, 580px\" \/><\/figure>\n\n\n\n<p>La chemin\u00e9e \u00e9tait l&rsquo;organe principal de la maison, le foyer.<\/p>\n\n\n\n<figure class=\"wp-block-image size-large\"><img loading=\"lazy\" decoding=\"async\" width=\"1024\" height=\"768\" src=\"http:\/\/payra-monvillage.fr\/wp-content\/uploads\/2023\/11\/4d0c29f85b15b1c47af5cd12e7a984ee-3-1024x768.jpg\" alt=\"\" class=\"wp-image-1290\" srcset=\"https:\/\/payra-monvillage.fr\/wp-content\/uploads\/2023\/11\/4d0c29f85b15b1c47af5cd12e7a984ee-3-1024x768.jpg 1024w, https:\/\/payra-monvillage.fr\/wp-content\/uploads\/2023\/11\/4d0c29f85b15b1c47af5cd12e7a984ee-3-300x225.jpg 300w, https:\/\/payra-monvillage.fr\/wp-content\/uploads\/2023\/11\/4d0c29f85b15b1c47af5cd12e7a984ee-3-768x576.jpg 768w, https:\/\/payra-monvillage.fr\/wp-content\/uploads\/2023\/11\/4d0c29f85b15b1c47af5cd12e7a984ee-3-1536x1152.jpg 1536w, https:\/\/payra-monvillage.fr\/wp-content\/uploads\/2023\/11\/4d0c29f85b15b1c47af5cd12e7a984ee-3.jpg 1900w\" sizes=\"auto, (max-width: 767px) 89vw, (max-width: 1000px) 54vw, (max-width: 1071px) 543px, 580px\" \/><\/figure>\n\n\n\n<figure class=\"wp-block-gallery has-nested-images columns-default is-cropped wp-block-gallery-13 is-layout-flex wp-block-gallery-is-layout-flex\">\n<figure class=\"wp-block-image size-large\"><img loading=\"lazy\" decoding=\"async\" width=\"1024\" height=\"919\" data-id=\"1311\" src=\"https:\/\/payra-monvillage.fr\/wp-content\/uploads\/2023\/11\/955cbc0b913832487a0842bc91e0f1f2-3-1024x919.jpg\" alt=\"\" class=\"wp-image-1311\" srcset=\"https:\/\/payra-monvillage.fr\/wp-content\/uploads\/2023\/11\/955cbc0b913832487a0842bc91e0f1f2-3-1024x919.jpg 1024w, https:\/\/payra-monvillage.fr\/wp-content\/uploads\/2023\/11\/955cbc0b913832487a0842bc91e0f1f2-3-300x269.jpg 300w, https:\/\/payra-monvillage.fr\/wp-content\/uploads\/2023\/11\/955cbc0b913832487a0842bc91e0f1f2-3-768x690.jpg 768w, https:\/\/payra-monvillage.fr\/wp-content\/uploads\/2023\/11\/955cbc0b913832487a0842bc91e0f1f2-3-1536x1379.jpg 1536w, https:\/\/payra-monvillage.fr\/wp-content\/uploads\/2023\/11\/955cbc0b913832487a0842bc91e0f1f2-3.jpg 1899w\" sizes=\"auto, (max-width: 767px) 89vw, (max-width: 1000px) 54vw, (max-width: 1071px) 543px, 580px\" \/><\/figure>\n\n\n\n<figure class=\"wp-block-image size-large\"><img loading=\"lazy\" decoding=\"async\" width=\"1024\" height=\"767\" data-id=\"1332\" src=\"https:\/\/payra-monvillage.fr\/wp-content\/uploads\/2023\/11\/d866730bacb01239dd3c705f9745e435-3-1024x767.jpg\" alt=\"\" class=\"wp-image-1332\" srcset=\"https:\/\/payra-monvillage.fr\/wp-content\/uploads\/2023\/11\/d866730bacb01239dd3c705f9745e435-3-1024x767.jpg 1024w, https:\/\/payra-monvillage.fr\/wp-content\/uploads\/2023\/11\/d866730bacb01239dd3c705f9745e435-3-300x225.jpg 300w, https:\/\/payra-monvillage.fr\/wp-content\/uploads\/2023\/11\/d866730bacb01239dd3c705f9745e435-3-768x576.jpg 768w, https:\/\/payra-monvillage.fr\/wp-content\/uploads\/2023\/11\/d866730bacb01239dd3c705f9745e435-3-1536x1151.jpg 1536w, https:\/\/payra-monvillage.fr\/wp-content\/uploads\/2023\/11\/d866730bacb01239dd3c705f9745e435-3.jpg 1900w\" sizes=\"auto, (max-width: 767px) 89vw, (max-width: 1000px) 54vw, (max-width: 1071px) 543px, 580px\" \/><\/figure>\n\n\n\n<figure class=\"wp-block-image size-large\"><img loading=\"lazy\" decoding=\"async\" width=\"1024\" height=\"768\" data-id=\"1331\" src=\"https:\/\/payra-monvillage.fr\/wp-content\/uploads\/2023\/11\/d825656a7da8ec93034678abf4c001c4-3-1024x768.jpg\" alt=\"\" class=\"wp-image-1331\" srcset=\"https:\/\/payra-monvillage.fr\/wp-content\/uploads\/2023\/11\/d825656a7da8ec93034678abf4c001c4-3-1024x768.jpg 1024w, https:\/\/payra-monvillage.fr\/wp-content\/uploads\/2023\/11\/d825656a7da8ec93034678abf4c001c4-3-300x225.jpg 300w, https:\/\/payra-monvillage.fr\/wp-content\/uploads\/2023\/11\/d825656a7da8ec93034678abf4c001c4-3-768x576.jpg 768w, https:\/\/payra-monvillage.fr\/wp-content\/uploads\/2023\/11\/d825656a7da8ec93034678abf4c001c4-3-1536x1152.jpg 1536w, https:\/\/payra-monvillage.fr\/wp-content\/uploads\/2023\/11\/d825656a7da8ec93034678abf4c001c4-3.jpg 1900w\" sizes=\"auto, (max-width: 767px) 89vw, (max-width: 1000px) 54vw, (max-width: 1071px) 543px, 580px\" \/><\/figure>\n<\/figure>\n\n\n\n<p>L&rsquo;oule &nbsp;vient du mot occitan Ola (prononcer&nbsp;Oulo), la marmite, le faitout.&nbsp;<\/p>\n\n\n\n<p>Elle&nbsp;\u00e9tait \u00e9galement le principal ustensile de la cuisine toujours au coin du feu.&nbsp;<\/p>\n\n\n\n<p>Un autre objet \u00e9tait aussi tr\u00e8s important : la bassine qui avait de multiples fonctions.<\/p>\n\n\n\n<figure class=\"wp-block-gallery has-nested-images columns-default is-cropped wp-block-gallery-14 is-layout-flex wp-block-gallery-is-layout-flex\">\n<figure class=\"wp-block-image size-large\"><img loading=\"lazy\" decoding=\"async\" width=\"1024\" height=\"768\" data-id=\"1320\" src=\"https:\/\/payra-monvillage.fr\/wp-content\/uploads\/2023\/11\/b10b4dab20cdb310211763f0e02aa10a-3-1024x768.jpg\" alt=\"\" class=\"wp-image-1320\" srcset=\"https:\/\/payra-monvillage.fr\/wp-content\/uploads\/2023\/11\/b10b4dab20cdb310211763f0e02aa10a-3-1024x768.jpg 1024w, https:\/\/payra-monvillage.fr\/wp-content\/uploads\/2023\/11\/b10b4dab20cdb310211763f0e02aa10a-3-300x225.jpg 300w, https:\/\/payra-monvillage.fr\/wp-content\/uploads\/2023\/11\/b10b4dab20cdb310211763f0e02aa10a-3-768x576.jpg 768w, https:\/\/payra-monvillage.fr\/wp-content\/uploads\/2023\/11\/b10b4dab20cdb310211763f0e02aa10a-3-1536x1152.jpg 1536w, https:\/\/payra-monvillage.fr\/wp-content\/uploads\/2023\/11\/b10b4dab20cdb310211763f0e02aa10a-3.jpg 1900w\" sizes=\"auto, (max-width: 767px) 89vw, (max-width: 1000px) 54vw, (max-width: 1071px) 543px, 580px\" \/><\/figure>\n\n\n\n<figure class=\"wp-block-image size-large\"><img loading=\"lazy\" decoding=\"async\" width=\"1024\" height=\"869\" data-id=\"1292\" src=\"https:\/\/payra-monvillage.fr\/wp-content\/uploads\/2023\/11\/007edf556204f8a6c9c11e03a53fdbce-3-1024x869.jpg\" alt=\"\" class=\"wp-image-1292\" srcset=\"https:\/\/payra-monvillage.fr\/wp-content\/uploads\/2023\/11\/007edf556204f8a6c9c11e03a53fdbce-3-1024x869.jpg 1024w, https:\/\/payra-monvillage.fr\/wp-content\/uploads\/2023\/11\/007edf556204f8a6c9c11e03a53fdbce-3-300x255.jpg 300w, https:\/\/payra-monvillage.fr\/wp-content\/uploads\/2023\/11\/007edf556204f8a6c9c11e03a53fdbce-3-768x652.jpg 768w, https:\/\/payra-monvillage.fr\/wp-content\/uploads\/2023\/11\/007edf556204f8a6c9c11e03a53fdbce-3-1536x1304.jpg 1536w, https:\/\/payra-monvillage.fr\/wp-content\/uploads\/2023\/11\/007edf556204f8a6c9c11e03a53fdbce-3.jpg 1899w\" sizes=\"auto, (max-width: 767px) 89vw, (max-width: 1000px) 54vw, (max-width: 1071px) 543px, 580px\" \/><\/figure>\n\n\n\n<figure class=\"wp-block-image size-large\"><img loading=\"lazy\" decoding=\"async\" width=\"1024\" height=\"857\" data-id=\"1291\" src=\"https:\/\/payra-monvillage.fr\/wp-content\/uploads\/2023\/11\/5a92b41d3022144bc7d14b94b45c69bf-3-1024x857.jpg\" alt=\"\" class=\"wp-image-1291\" srcset=\"https:\/\/payra-monvillage.fr\/wp-content\/uploads\/2023\/11\/5a92b41d3022144bc7d14b94b45c69bf-3-1024x857.jpg 1024w, https:\/\/payra-monvillage.fr\/wp-content\/uploads\/2023\/11\/5a92b41d3022144bc7d14b94b45c69bf-3-300x251.jpg 300w, https:\/\/payra-monvillage.fr\/wp-content\/uploads\/2023\/11\/5a92b41d3022144bc7d14b94b45c69bf-3-768x643.jpg 768w, https:\/\/payra-monvillage.fr\/wp-content\/uploads\/2023\/11\/5a92b41d3022144bc7d14b94b45c69bf-3-1536x1286.jpg 1536w, https:\/\/payra-monvillage.fr\/wp-content\/uploads\/2023\/11\/5a92b41d3022144bc7d14b94b45c69bf-3.jpg 1900w\" sizes=\"auto, (max-width: 767px) 89vw, (max-width: 1000px) 54vw, (max-width: 1071px) 543px, 580px\" \/><\/figure>\n<\/figure>\n\n\n\n<p>Un ancien faitout noirci par le feu de la chemin\u00e9e et un pa\u00efrol.<\/p>\n\n\n\n<figure class=\"wp-block-gallery has-nested-images columns-default is-cropped wp-block-gallery-15 is-layout-flex wp-block-gallery-is-layout-flex\">\n<figure class=\"wp-block-image size-large\"><img loading=\"lazy\" decoding=\"async\" width=\"1024\" height=\"767\" data-id=\"1336\" src=\"https:\/\/payra-monvillage.fr\/wp-content\/uploads\/2023\/11\/eff27395c9e63a1ab7940095346b6fd6-3-1024x767.jpg\" alt=\"\" class=\"wp-image-1336\" srcset=\"https:\/\/payra-monvillage.fr\/wp-content\/uploads\/2023\/11\/eff27395c9e63a1ab7940095346b6fd6-3-1024x767.jpg 1024w, https:\/\/payra-monvillage.fr\/wp-content\/uploads\/2023\/11\/eff27395c9e63a1ab7940095346b6fd6-3-300x225.jpg 300w, https:\/\/payra-monvillage.fr\/wp-content\/uploads\/2023\/11\/eff27395c9e63a1ab7940095346b6fd6-3-768x576.jpg 768w, https:\/\/payra-monvillage.fr\/wp-content\/uploads\/2023\/11\/eff27395c9e63a1ab7940095346b6fd6-3-1536x1151.jpg 1536w, https:\/\/payra-monvillage.fr\/wp-content\/uploads\/2023\/11\/eff27395c9e63a1ab7940095346b6fd6-3.jpg 1900w\" sizes=\"auto, (max-width: 767px) 89vw, (max-width: 1000px) 54vw, (max-width: 1071px) 543px, 580px\" \/><\/figure>\n\n\n\n<figure class=\"wp-block-image size-large\"><img loading=\"lazy\" decoding=\"async\" width=\"1024\" height=\"768\" data-id=\"1295\" src=\"https:\/\/payra-monvillage.fr\/wp-content\/uploads\/2023\/11\/8a1ed7f3a6a04af24b638e45c9d329dd-3-1024x768.jpg\" alt=\"\" class=\"wp-image-1295\" srcset=\"https:\/\/payra-monvillage.fr\/wp-content\/uploads\/2023\/11\/8a1ed7f3a6a04af24b638e45c9d329dd-3-1024x768.jpg 1024w, https:\/\/payra-monvillage.fr\/wp-content\/uploads\/2023\/11\/8a1ed7f3a6a04af24b638e45c9d329dd-3-300x225.jpg 300w, https:\/\/payra-monvillage.fr\/wp-content\/uploads\/2023\/11\/8a1ed7f3a6a04af24b638e45c9d329dd-3-768x576.jpg 768w, https:\/\/payra-monvillage.fr\/wp-content\/uploads\/2023\/11\/8a1ed7f3a6a04af24b638e45c9d329dd-3-1536x1152.jpg 1536w, https:\/\/payra-monvillage.fr\/wp-content\/uploads\/2023\/11\/8a1ed7f3a6a04af24b638e45c9d329dd-3.jpg 1900w\" sizes=\"auto, (max-width: 767px) 89vw, (max-width: 1000px) 54vw, (max-width: 1071px) 543px, 580px\" \/><\/figure>\n<\/figure>\n\n\n\n<p>Les gamelles que les paysans emportaient aux champs.<\/p>\n\n\n\n<figure class=\"wp-block-gallery has-nested-images columns-default is-cropped wp-block-gallery-16 is-layout-flex wp-block-gallery-is-layout-flex\">\n<figure class=\"wp-block-image size-large\"><img loading=\"lazy\" decoding=\"async\" width=\"768\" height=\"1024\" data-id=\"1286\" src=\"https:\/\/payra-monvillage.fr\/wp-content\/uploads\/2023\/11\/2b994c51d5370cf5171d0f3cb4130995-3-768x1024.jpg\" alt=\"\" class=\"wp-image-1286\" srcset=\"https:\/\/payra-monvillage.fr\/wp-content\/uploads\/2023\/11\/2b994c51d5370cf5171d0f3cb4130995-3-768x1023.jpg 768w, https:\/\/payra-monvillage.fr\/wp-content\/uploads\/2023\/11\/2b994c51d5370cf5171d0f3cb4130995-3-225x300.jpg 225w, https:\/\/payra-monvillage.fr\/wp-content\/uploads\/2023\/11\/2b994c51d5370cf5171d0f3cb4130995-3-1153x1536.jpg 1153w, https:\/\/payra-monvillage.fr\/wp-content\/uploads\/2023\/11\/2b994c51d5370cf5171d0f3cb4130995-3.jpg 1425w\" sizes=\"auto, (max-width: 767px) 89vw, (max-width: 1000px) 54vw, (max-width: 1071px) 543px, 580px\" \/><\/figure>\n\n\n\n<figure class=\"wp-block-image size-large\"><img loading=\"lazy\" decoding=\"async\" width=\"640\" height=\"480\" data-id=\"1271\" src=\"https:\/\/payra-monvillage.fr\/wp-content\/uploads\/2023\/11\/b8826294461170b04df1b29d305bb60b-2.jpg\" alt=\"\" class=\"wp-image-1271\" srcset=\"https:\/\/payra-monvillage.fr\/wp-content\/uploads\/2023\/11\/b8826294461170b04df1b29d305bb60b-2.jpg 640w, https:\/\/payra-monvillage.fr\/wp-content\/uploads\/2023\/11\/b8826294461170b04df1b29d305bb60b-2-300x225.jpg 300w\" sizes=\"auto, (max-width: 640px) 100vw, 640px\" \/><\/figure>\n\n\n\n<figure class=\"wp-block-image size-large\"><img loading=\"lazy\" decoding=\"async\" width=\"1024\" height=\"768\" data-id=\"1240\" src=\"https:\/\/payra-monvillage.fr\/wp-content\/uploads\/2023\/11\/7e0b71028acbb97779434bb0f80b786c-2-1024x768.jpg\" alt=\"\" class=\"wp-image-1240\" srcset=\"https:\/\/payra-monvillage.fr\/wp-content\/uploads\/2023\/11\/7e0b71028acbb97779434bb0f80b786c-2-1024x768.jpg 1024w, https:\/\/payra-monvillage.fr\/wp-content\/uploads\/2023\/11\/7e0b71028acbb97779434bb0f80b786c-2-300x225.jpg 300w, https:\/\/payra-monvillage.fr\/wp-content\/uploads\/2023\/11\/7e0b71028acbb97779434bb0f80b786c-2-768x576.jpg 768w, https:\/\/payra-monvillage.fr\/wp-content\/uploads\/2023\/11\/7e0b71028acbb97779434bb0f80b786c-2-1536x1152.jpg 1536w, https:\/\/payra-monvillage.fr\/wp-content\/uploads\/2023\/11\/7e0b71028acbb97779434bb0f80b786c-2.jpg 1900w\" sizes=\"auto, (max-width: 767px) 89vw, (max-width: 1000px) 54vw, (max-width: 1071px) 543px, 580px\" \/><\/figure>\n<\/figure>\n\n\n\n<p>Toujours en m\u00e9tal \u00e9maill\u00e9 , une \u00e9cumoire et un entonnoir, un dessous de plats<\/p>\n\n\n\n<figure class=\"wp-block-gallery has-nested-images columns-default is-cropped wp-block-gallery-17 is-layout-flex wp-block-gallery-is-layout-flex\">\n<figure class=\"wp-block-image size-large\"><img loading=\"lazy\" decoding=\"async\" width=\"1024\" height=\"767\" data-id=\"1307\" src=\"https:\/\/payra-monvillage.fr\/wp-content\/uploads\/2023\/11\/553bf0e6526590e2b7c5a96c8b8783da-3-1024x767.jpg\" alt=\"\" class=\"wp-image-1307\" srcset=\"https:\/\/payra-monvillage.fr\/wp-content\/uploads\/2023\/11\/553bf0e6526590e2b7c5a96c8b8783da-3-1024x767.jpg 1024w, https:\/\/payra-monvillage.fr\/wp-content\/uploads\/2023\/11\/553bf0e6526590e2b7c5a96c8b8783da-3-300x225.jpg 300w, https:\/\/payra-monvillage.fr\/wp-content\/uploads\/2023\/11\/553bf0e6526590e2b7c5a96c8b8783da-3-768x576.jpg 768w, https:\/\/payra-monvillage.fr\/wp-content\/uploads\/2023\/11\/553bf0e6526590e2b7c5a96c8b8783da-3-1536x1151.jpg 1536w, https:\/\/payra-monvillage.fr\/wp-content\/uploads\/2023\/11\/553bf0e6526590e2b7c5a96c8b8783da-3.jpg 1900w\" sizes=\"auto, (max-width: 767px) 89vw, (max-width: 1000px) 54vw, (max-width: 1071px) 543px, 580px\" \/><\/figure>\n\n\n\n<figure class=\"wp-block-image size-large\"><img loading=\"lazy\" decoding=\"async\" width=\"1024\" height=\"768\" data-id=\"1305\" src=\"https:\/\/payra-monvillage.fr\/wp-content\/uploads\/2023\/11\/76c9f8f9a3a19aa0785db76fd7e445a3-3-1024x768.jpg\" alt=\"\" class=\"wp-image-1305\" srcset=\"https:\/\/payra-monvillage.fr\/wp-content\/uploads\/2023\/11\/76c9f8f9a3a19aa0785db76fd7e445a3-3-1024x768.jpg 1024w, https:\/\/payra-monvillage.fr\/wp-content\/uploads\/2023\/11\/76c9f8f9a3a19aa0785db76fd7e445a3-3-300x225.jpg 300w, https:\/\/payra-monvillage.fr\/wp-content\/uploads\/2023\/11\/76c9f8f9a3a19aa0785db76fd7e445a3-3-768x576.jpg 768w, https:\/\/payra-monvillage.fr\/wp-content\/uploads\/2023\/11\/76c9f8f9a3a19aa0785db76fd7e445a3-3-1536x1152.jpg 1536w, https:\/\/payra-monvillage.fr\/wp-content\/uploads\/2023\/11\/76c9f8f9a3a19aa0785db76fd7e445a3-3.jpg 1900w\" sizes=\"auto, (max-width: 767px) 89vw, (max-width: 1000px) 54vw, (max-width: 1071px) 543px, 580px\" \/><\/figure>\n\n\n\n<figure class=\"wp-block-image size-large\"><img loading=\"lazy\" decoding=\"async\" width=\"1024\" height=\"736\" data-id=\"1267\" src=\"https:\/\/payra-monvillage.fr\/wp-content\/uploads\/2023\/11\/b09f767f0658f6c4081ba55d385cb14c-2-1024x736.jpg\" alt=\"\" class=\"wp-image-1267\" srcset=\"https:\/\/payra-monvillage.fr\/wp-content\/uploads\/2023\/11\/b09f767f0658f6c4081ba55d385cb14c-2-1024x736.jpg 1024w, https:\/\/payra-monvillage.fr\/wp-content\/uploads\/2023\/11\/b09f767f0658f6c4081ba55d385cb14c-2-300x216.jpg 300w, https:\/\/payra-monvillage.fr\/wp-content\/uploads\/2023\/11\/b09f767f0658f6c4081ba55d385cb14c-2-768x552.jpg 768w, https:\/\/payra-monvillage.fr\/wp-content\/uploads\/2023\/11\/b09f767f0658f6c4081ba55d385cb14c-2-1536x1105.jpg 1536w, https:\/\/payra-monvillage.fr\/wp-content\/uploads\/2023\/11\/b09f767f0658f6c4081ba55d385cb14c-2.jpg 1898w\" sizes=\"auto, (max-width: 767px) 89vw, (max-width: 1000px) 54vw, (max-width: 1071px) 543px, 580px\" \/><\/figure>\n<\/figure>\n\n\n\n<p>Les premi\u00e8res conserves au d\u00e9but du 20\u00e8me si\u00e8cle.<\/p>\n","protected":false},"excerpt":{"rendered":"<p>enclume Claudinon de 1877 N\u00b0 1134\u00a0 79 kg table 28 cm Hier \u00ab\u00a0un embuc\u00a0\u00bb pour gaver oies et canards. aujourd&rsquo;hui cet ustensile rudimentaire \u00e9t\u00e9 remplac\u00e9 par la machine. Meule en pierre avec une manivelle pour aiguiser divers outils de taille, couteaux, etc&#8230;.. Les outils de coupe, de taille.Des faux anciennes et \u00a0\u00bb modernes\u00a0\u00bb 18\u00e8me 19\u00e8me &hellip; <\/p>\n<p class=\"link-more\"><a href=\"https:\/\/payra-monvillage.fr\/index.php\/outils-ustensiles-objets-dautrefois\/\" class=\"more-link\">Continuer la lecture<span class=\"screen-reader-text\"> de &laquo;&nbsp;Outils, ustensiles, objets d&rsquo;autrefois&nbsp;&raquo;<\/span><\/a><\/p>\n","protected":false},"author":1,"featured_media":0,"parent":0,"menu_order":0,"comment_status":"closed","ping_status":"closed","template":"","meta":{"footnotes":""},"class_list":["post-1115","page","type-page","status-publish","hentry"],"_links":{"self":[{"href":"https:\/\/payra-monvillage.fr\/index.php\/wp-json\/wp\/v2\/pages\/1115","targetHints":{"allow":["GET"]}}],"collection":[{"href":"https:\/\/payra-monvillage.fr\/index.php\/wp-json\/wp\/v2\/pages"}],"about":[{"href":"https:\/\/payra-monvillage.fr\/index.php\/wp-json\/wp\/v2\/types\/page"}],"author":[{"embeddable":true,"href":"https:\/\/payra-monvillage.fr\/index.php\/wp-json\/wp\/v2\/users\/1"}],"replies":[{"embeddable":true,"href":"https:\/\/payra-monvillage.fr\/index.php\/wp-json\/wp\/v2\/comments?post=1115"}],"version-history":[{"count":3,"href":"https:\/\/payra-monvillage.fr\/index.php\/wp-json\/wp\/v2\/pages\/1115\/revisions"}],"predecessor-version":[{"id":1345,"href":"https:\/\/payra-monvillage.fr\/index.php\/wp-json\/wp\/v2\/pages\/1115\/revisions\/1345"}],"wp:attachment":[{"href":"https:\/\/payra-monvillage.fr\/index.php\/wp-json\/wp\/v2\/media?parent=1115"}],"curies":[{"name":"wp","href":"https:\/\/api.w.org\/{rel}","templated":true}]}}